{"id":2276,"date":"2026-03-18T16:29:25","date_gmt":"2026-03-18T15:29:25","guid":{"rendered":"https:\/\/www.cardinal-creation.com\/at-packaging\/?post_type=produit&#038;p=2276"},"modified":"2026-04-20T09:44:59","modified_gmt":"2026-04-20T07:44:59","slug":"premia","status":"publish","type":"produit","link":"https:\/\/www.cardinal-creation.com\/at-packaging\/gammes\/premium\/premia\/","title":{"rendered":"Premia"},"content":{"rendered":"\n<p>Avec Premia, votre formule b\u00e9n\u00e9ficie d\u2019un conditionnement haut de gamme, alliant esth\u00e9tisme, l\u00e9g\u00e8ret\u00e9 et \u00e9l\u00e9gance. En airless ou atmosph\u00e9rique, Premia r\u00e9pond aux attentes d\u2019un positionnement premium,<br>Sa double coque en PET, cr\u00e9e un effet de transparence sophistiqu\u00e9, renfor\u00e7ant la perception de qualit\u00e9.<br>De plus la frette personnalisable apporte une finition travaill\u00e9e \u00e0 l\u2019ensemble du flacon.<\/p>\n","protected":false},"featured_media":2277,"parent":0,"template":"","meta":{"_acf_changed":false,"footnotes":""},"gamme":[18],"class_list":["post-2276","produit","type-produit","status-publish","has-post-thumbnail","hentry","gamme-premium"],"acf":[],"yoast_head":"<!-- This site is optimized with the Yoast SEO plugin v27.4 - https:\/\/yoast.com\/product\/yoast-seo-wordpress\/ -->\n<title>Premia - AT Packaging<\/title>\n<meta name=\"robots\" content=\"noindex, follow, max-snippet:-1, max-image-preview:large, max-video-preview:-1\" \/>\n<meta property=\"og:locale\" content=\"fr_FR\" \/>\n<meta property=\"og:type\" content=\"article\" \/>\n<meta property=\"og:title\" content=\"Premia - AT Packaging\" \/>\n<meta property=\"og:description\" content=\"Avec Premia, votre formule b\u00e9n\u00e9ficie d\u2019un conditionnement haut de gamme, alliant esth\u00e9tisme, l\u00e9g\u00e8ret\u00e9 et \u00e9l\u00e9gance. En airless ou atmosph\u00e9rique, Premia r\u00e9pond aux attentes d\u2019un positionnement premium,Sa double coque en PET, cr\u00e9e un effet de transparence sophistiqu\u00e9, renfor\u00e7ant la perception de qualit\u00e9.De plus la frette personnalisable apporte une finition travaill\u00e9e \u00e0 l\u2019ensemble du flacon.\" \/>\n<meta property=\"og:url\" content=\"https:\/\/www.cardinal-creation.com\/at-packaging\/gammes\/premium\/premia\/\" \/>\n<meta property=\"og:site_name\" content=\"AT Packaging\" \/>\n<meta property=\"article:modified_time\" content=\"2026-04-20T07:44:59+00:00\" \/>\n<meta property=\"og:image\" content=\"https:\/\/www.cardinal-creation.com\/at-packaging\/wp-content\/uploads\/2026\/03\/AIRLESS_PREMIA_HD-3.jpg\" \/>\n\t<meta property=\"og:image:width\" content=\"1024\" \/>\n\t<meta property=\"og:image:height\" content=\"1448\" \/>\n\t<meta property=\"og:image:type\" content=\"image\/jpeg\" \/>\n<meta name=\"twitter:card\" content=\"summary_large_image\" \/>\n<meta name=\"twitter:label1\" content=\"Dur\u00e9e de lecture estim\u00e9e\" \/>\n\t<meta name=\"twitter:data1\" content=\"1 minute\" \/>\n<script type=\"application\/ld+json\" class=\"yoast-schema-graph\">{\"@context\":\"https:\\\/\\\/schema.org\",\"@graph\":[{\"@type\":\"WebPage\",\"@id\":\"https:\\\/\\\/www.cardinal-creation.com\\\/at-packaging\\\/gammes\\\/premium\\\/premia\\\/\",\"url\":\"https:\\\/\\\/www.cardinal-creation.com\\\/at-packaging\\\/gammes\\\/premium\\\/premia\\\/\",\"name\":\"Premia - AT Packaging\",\"isPartOf\":{\"@id\":\"https:\\\/\\\/www.cardinal-creation.com\\\/at-packaging\\\/#website\"},\"primaryImageOfPage\":{\"@id\":\"https:\\\/\\\/www.cardinal-creation.com\\\/at-packaging\\\/gammes\\\/premium\\\/premia\\\/#primaryimage\"},\"image\":{\"@id\":\"https:\\\/\\\/www.cardinal-creation.com\\\/at-packaging\\\/gammes\\\/premium\\\/premia\\\/#primaryimage\"},\"thumbnailUrl\":\"https:\\\/\\\/www.cardinal-creation.com\\\/at-packaging\\\/wp-content\\\/uploads\\\/2026\\\/03\\\/AIRLESS_PREMIA_HD-3.jpg\",\"datePublished\":\"2026-03-18T15:29:25+00:00\",\"dateModified\":\"2026-04-20T07:44:59+00:00\",\"breadcrumb\":{\"@id\":\"https:\\\/\\\/www.cardinal-creation.com\\\/at-packaging\\\/gammes\\\/premium\\\/premia\\\/#breadcrumb\"},\"inLanguage\":\"fr-FR\",\"potentialAction\":[{\"@type\":\"ReadAction\",\"target\":[\"https:\\\/\\\/www.cardinal-creation.com\\\/at-packaging\\\/gammes\\\/premium\\\/premia\\\/\"]}]},{\"@type\":\"ImageObject\",\"inLanguage\":\"fr-FR\",\"@id\":\"https:\\\/\\\/www.cardinal-creation.com\\\/at-packaging\\\/gammes\\\/premium\\\/premia\\\/#primaryimage\",\"url\":\"https:\\\/\\\/www.cardinal-creation.com\\\/at-packaging\\\/wp-content\\\/uploads\\\/2026\\\/03\\\/AIRLESS_PREMIA_HD-3.jpg\",\"contentUrl\":\"https:\\\/\\\/www.cardinal-creation.com\\\/at-packaging\\\/wp-content\\\/uploads\\\/2026\\\/03\\\/AIRLESS_PREMIA_HD-3.jpg\",\"width\":1024,\"height\":1448},{\"@type\":\"BreadcrumbList\",\"@id\":\"https:\\\/\\\/www.cardinal-creation.com\\\/at-packaging\\\/gammes\\\/premium\\\/premia\\\/#breadcrumb\",\"itemListElement\":[{\"@type\":\"ListItem\",\"position\":1,\"name\":\"Accueil\",\"item\":\"https:\\\/\\\/www.cardinal-creation.com\\\/at-packaging\\\/\"},{\"@type\":\"ListItem\",\"position\":2,\"name\":\"Premium\",\"item\":\"https:\\\/\\\/www.cardinal-creation.com\\\/at-packaging\\\/gammes\\\/premium\\\/\"},{\"@type\":\"ListItem\",\"position\":3,\"name\":\"Premia\"}]},{\"@type\":\"WebSite\",\"@id\":\"https:\\\/\\\/www.cardinal-creation.com\\\/at-packaging\\\/#website\",\"url\":\"https:\\\/\\\/www.cardinal-creation.com\\\/at-packaging\\\/\",\"name\":\"AT Packaging\",\"description\":\"Fabricant et d\u00e9corateur d&#039;emballages thermoplastiques\",\"publisher\":{\"@id\":\"https:\\\/\\\/www.cardinal-creation.com\\\/at-packaging\\\/#organization\"},\"potentialAction\":[{\"@type\":\"SearchAction\",\"target\":{\"@type\":\"EntryPoint\",\"urlTemplate\":\"https:\\\/\\\/www.cardinal-creation.com\\\/at-packaging\\\/?s={search_term_string}\"},\"query-input\":{\"@type\":\"PropertyValueSpecification\",\"valueRequired\":true,\"valueName\":\"search_term_string\"}}],\"inLanguage\":\"fr-FR\"},{\"@type\":\"Organization\",\"@id\":\"https:\\\/\\\/www.cardinal-creation.com\\\/at-packaging\\\/#organization\",\"name\":\"AT Packaging\",\"url\":\"https:\\\/\\\/www.cardinal-creation.com\\\/at-packaging\\\/\",\"logo\":{\"@type\":\"ImageObject\",\"inLanguage\":\"fr-FR\",\"@id\":\"https:\\\/\\\/www.cardinal-creation.com\\\/at-packaging\\\/#\\\/schema\\\/logo\\\/image\\\/\",\"url\":\"https:\\\/\\\/www.cardinal-creation.com\\\/at-packaging\\\/wp-content\\\/uploads\\\/2023\\\/01\\\/AT-Packaging-logo.svg\",\"contentUrl\":\"https:\\\/\\\/www.cardinal-creation.com\\\/at-packaging\\\/wp-content\\\/uploads\\\/2023\\\/01\\\/AT-Packaging-logo.svg\",\"width\":198,\"height\":42,\"caption\":\"AT Packaging\"},\"image\":{\"@id\":\"https:\\\/\\\/www.cardinal-creation.com\\\/at-packaging\\\/#\\\/schema\\\/logo\\\/image\\\/\"}}]}<\/script>\n<!-- \/ Yoast SEO plugin. -->","yoast_head_json":{"title":"Premia - AT Packaging","robots":{"index":"noindex","follow":"follow","max-snippet":"max-snippet:-1","max-image-preview":"max-image-preview:large","max-video-preview":"max-video-preview:-1"},"og_locale":"fr_FR","og_type":"article","og_title":"Premia - AT Packaging","og_description":"Avec Premia, votre formule b\u00e9n\u00e9ficie d\u2019un conditionnement haut de gamme, alliant esth\u00e9tisme, l\u00e9g\u00e8ret\u00e9 et \u00e9l\u00e9gance. En airless ou atmosph\u00e9rique, Premia r\u00e9pond aux attentes d\u2019un positionnement premium,Sa double coque en PET, cr\u00e9e un effet de transparence sophistiqu\u00e9, renfor\u00e7ant la perception de qualit\u00e9.De plus la frette personnalisable apporte une finition travaill\u00e9e \u00e0 l\u2019ensemble du flacon.","og_url":"https:\/\/www.cardinal-creation.com\/at-packaging\/gammes\/premium\/premia\/","og_site_name":"AT Packaging","article_modified_time":"2026-04-20T07:44:59+00:00","og_image":[{"width":1024,"height":1448,"url":"https:\/\/www.cardinal-creation.com\/at-packaging\/wp-content\/uploads\/2026\/03\/AIRLESS_PREMIA_HD-3.jpg","type":"image\/jpeg"}],"twitter_card":"summary_large_image","twitter_misc":{"Dur\u00e9e de lecture estim\u00e9e":"1 minute"},"schema":{"@context":"https:\/\/schema.org","@graph":[{"@type":"WebPage","@id":"https:\/\/www.cardinal-creation.com\/at-packaging\/gammes\/premium\/premia\/","url":"https:\/\/www.cardinal-creation.com\/at-packaging\/gammes\/premium\/premia\/","name":"Premia - AT Packaging","isPartOf":{"@id":"https:\/\/www.cardinal-creation.com\/at-packaging\/#website"},"primaryImageOfPage":{"@id":"https:\/\/www.cardinal-creation.com\/at-packaging\/gammes\/premium\/premia\/#primaryimage"},"image":{"@id":"https:\/\/www.cardinal-creation.com\/at-packaging\/gammes\/premium\/premia\/#primaryimage"},"thumbnailUrl":"https:\/\/www.cardinal-creation.com\/at-packaging\/wp-content\/uploads\/2026\/03\/AIRLESS_PREMIA_HD-3.jpg","datePublished":"2026-03-18T15:29:25+00:00","dateModified":"2026-04-20T07:44:59+00:00","breadcrumb":{"@id":"https:\/\/www.cardinal-creation.com\/at-packaging\/gammes\/premium\/premia\/#breadcrumb"},"inLanguage":"fr-FR","potentialAction":[{"@type":"ReadAction","target":["https:\/\/www.cardinal-creation.com\/at-packaging\/gammes\/premium\/premia\/"]}]},{"@type":"ImageObject","inLanguage":"fr-FR","@id":"https:\/\/www.cardinal-creation.com\/at-packaging\/gammes\/premium\/premia\/#primaryimage","url":"https:\/\/www.cardinal-creation.com\/at-packaging\/wp-content\/uploads\/2026\/03\/AIRLESS_PREMIA_HD-3.jpg","contentUrl":"https:\/\/www.cardinal-creation.com\/at-packaging\/wp-content\/uploads\/2026\/03\/AIRLESS_PREMIA_HD-3.jpg","width":1024,"height":1448},{"@type":"BreadcrumbList","@id":"https:\/\/www.cardinal-creation.com\/at-packaging\/gammes\/premium\/premia\/#breadcrumb","itemListElement":[{"@type":"ListItem","position":1,"name":"Accueil","item":"https:\/\/www.cardinal-creation.com\/at-packaging\/"},{"@type":"ListItem","position":2,"name":"Premium","item":"https:\/\/www.cardinal-creation.com\/at-packaging\/gammes\/premium\/"},{"@type":"ListItem","position":3,"name":"Premia"}]},{"@type":"WebSite","@id":"https:\/\/www.cardinal-creation.com\/at-packaging\/#website","url":"https:\/\/www.cardinal-creation.com\/at-packaging\/","name":"AT Packaging","description":"Fabricant et d\u00e9corateur d&#039;emballages thermoplastiques","publisher":{"@id":"https:\/\/www.cardinal-creation.com\/at-packaging\/#organization"},"potentialAction":[{"@type":"SearchAction","target":{"@type":"EntryPoint","urlTemplate":"https:\/\/www.cardinal-creation.com\/at-packaging\/?s={search_term_string}"},"query-input":{"@type":"PropertyValueSpecification","valueRequired":true,"valueName":"search_term_string"}}],"inLanguage":"fr-FR"},{"@type":"Organization","@id":"https:\/\/www.cardinal-creation.com\/at-packaging\/#organization","name":"AT Packaging","url":"https:\/\/www.cardinal-creation.com\/at-packaging\/","logo":{"@type":"ImageObject","inLanguage":"fr-FR","@id":"https:\/\/www.cardinal-creation.com\/at-packaging\/#\/schema\/logo\/image\/","url":"https:\/\/www.cardinal-creation.com\/at-packaging\/wp-content\/uploads\/2023\/01\/AT-Packaging-logo.svg","contentUrl":"https:\/\/www.cardinal-creation.com\/at-packaging\/wp-content\/uploads\/2023\/01\/AT-Packaging-logo.svg","width":198,"height":42,"caption":"AT Packaging"},"image":{"@id":"https:\/\/www.cardinal-creation.com\/at-packaging\/#\/schema\/logo\/image\/"}}]}},"_links":{"self":[{"href":"https:\/\/www.cardinal-creation.com\/at-packaging\/wp-json\/wp\/v2\/produit\/2276","targetHints":{"allow":["GET"]}}],"collection":[{"href":"https:\/\/www.cardinal-creation.com\/at-packaging\/wp-json\/wp\/v2\/produit"}],"about":[{"href":"https:\/\/www.cardinal-creation.com\/at-packaging\/wp-json\/wp\/v2\/types\/produit"}],"version-history":[{"count":6,"href":"https:\/\/www.cardinal-creation.com\/at-packaging\/wp-json\/wp\/v2\/produit\/2276\/revisions"}],"predecessor-version":[{"id":2984,"href":"https:\/\/www.cardinal-creation.com\/at-packaging\/wp-json\/wp\/v2\/produit\/2276\/revisions\/2984"}],"wp:featuredmedia":[{"embeddable":true,"href":"https:\/\/www.cardinal-creation.com\/at-packaging\/wp-json\/wp\/v2\/media\/2277"}],"wp:attachment":[{"href":"https:\/\/www.cardinal-creation.com\/at-packaging\/wp-json\/wp\/v2\/media?parent=2276"}],"wp:term":[{"taxonomy":"gamme","embeddable":true,"href":"https:\/\/www.cardinal-creation.com\/at-packaging\/wp-json\/wp\/v2\/gamme?post=2276"}],"curies":[{"name":"wp","href":"https:\/\/api.w.org\/{rel}","templated":true}]}}