{"id":2823,"date":"2026-04-07T13:40:57","date_gmt":"2026-04-07T11:40:57","guid":{"rendered":"https:\/\/www.cardinal-creation.com\/at-packaging\/?post_type=realisation&#038;p=2823"},"modified":"2026-04-07T17:11:51","modified_gmt":"2026-04-07T15:11:51","slug":"mascara-idole-lash-lacome","status":"publish","type":"realisation","link":"https:\/\/www.cardinal-creation.com\/at-packaging\/realisation\/mascara-idole-lash-lacome\/","title":{"rendered":"Mascara ID\u00d4LE LASH &#8211; LAC\u00d4ME"},"content":{"rendered":"\n<p>Dans le cadre de ce projet, une attention particuli\u00e8re a \u00e9t\u00e9 port\u00e9e \u00e0 la d\u00e9coration du packaging afin de refl\u00e9ter pleinement son positionnement de luxe accessible. Nous avons ainsi travaill\u00e9 sur le d\u00e9veloppement d\u2019une teinte sp\u00e9cifique, pens\u00e9e pour s\u2019int\u00e9grer harmonieusement \u00e0 l\u2019identit\u00e9 de la marque, puis mis en \u0153uvre une impression en s\u00e9rigraphie. Cette technique permet d\u2019obtenir une grande finesse de rendu, une excellente opacit\u00e9 des encres ainsi qu\u2019une pr\u00e9cision optimale des d\u00e9tails typographiques, assurant un r\u00e9sultat \u00e0 la fois \u00e9l\u00e9gant, lisible et durable.<\/p>\n","protected":false},"featured_media":2819,"template":"","meta":{"_acf_changed":true},"conception":[100033],"class_list":["post-2823","realisation","type-realisation","status-publish","has-post-thumbnail","hentry","conception-seriplast"],"acf":[],"yoast_head":"<!-- This site is optimized with the Yoast SEO plugin v27.4 - https:\/\/yoast.com\/product\/yoast-seo-wordpress\/ -->\n<title>Mascara ID\u00d4LE LASH - LAC\u00d4ME - AT Packaging<\/title>\n<meta name=\"robots\" content=\"noindex, follow, max-snippet:-1, max-image-preview:large, max-video-preview:-1\" \/>\n<meta property=\"og:locale\" content=\"fr_FR\" \/>\n<meta property=\"og:type\" content=\"article\" \/>\n<meta property=\"og:title\" content=\"Mascara ID\u00d4LE LASH - LAC\u00d4ME - AT Packaging\" \/>\n<meta property=\"og:description\" content=\"Dans le cadre de ce projet, une attention particuli\u00e8re a \u00e9t\u00e9 port\u00e9e \u00e0 la d\u00e9coration du packaging afin de refl\u00e9ter pleinement son positionnement de luxe accessible. Nous avons ainsi travaill\u00e9 sur le d\u00e9veloppement d\u2019une teinte sp\u00e9cifique, pens\u00e9e pour s\u2019int\u00e9grer harmonieusement \u00e0 l\u2019identit\u00e9 de la marque, puis mis en \u0153uvre une impression en s\u00e9rigraphie. Cette technique [&hellip;]\" \/>\n<meta property=\"og:url\" content=\"https:\/\/www.cardinal-creation.com\/at-packaging\/realisation\/mascara-idole-lash-lacome\/\" \/>\n<meta property=\"og:site_name\" content=\"AT Packaging\" \/>\n<meta property=\"article:modified_time\" content=\"2026-04-07T15:11:51+00:00\" \/>\n<meta property=\"og:image\" content=\"https:\/\/www.cardinal-creation.com\/at-packaging\/wp-content\/uploads\/2026\/04\/width_800-2.webp\" \/>\n\t<meta property=\"og:image:width\" content=\"800\" \/>\n\t<meta property=\"og:image:height\" content=\"800\" \/>\n\t<meta property=\"og:image:type\" content=\"image\/webp\" \/>\n<meta name=\"twitter:card\" content=\"summary_large_image\" \/>\n<script type=\"application\/ld+json\" class=\"yoast-schema-graph\">{\"@context\":\"https:\\\/\\\/schema.org\",\"@graph\":[{\"@type\":\"WebPage\",\"@id\":\"https:\\\/\\\/www.cardinal-creation.com\\\/at-packaging\\\/realisation\\\/mascara-idole-lash-lacome\\\/\",\"url\":\"https:\\\/\\\/www.cardinal-creation.com\\\/at-packaging\\\/realisation\\\/mascara-idole-lash-lacome\\\/\",\"name\":\"Mascara ID\u00d4LE LASH - LAC\u00d4ME - AT Packaging\",\"isPartOf\":{\"@id\":\"https:\\\/\\\/www.cardinal-creation.com\\\/at-packaging\\\/#website\"},\"primaryImageOfPage\":{\"@id\":\"https:\\\/\\\/www.cardinal-creation.com\\\/at-packaging\\\/realisation\\\/mascara-idole-lash-lacome\\\/#primaryimage\"},\"image\":{\"@id\":\"https:\\\/\\\/www.cardinal-creation.com\\\/at-packaging\\\/realisation\\\/mascara-idole-lash-lacome\\\/#primaryimage\"},\"thumbnailUrl\":\"https:\\\/\\\/www.cardinal-creation.com\\\/at-packaging\\\/wp-content\\\/uploads\\\/2026\\\/04\\\/width_800-2.webp\",\"datePublished\":\"2026-04-07T11:40:57+00:00\",\"dateModified\":\"2026-04-07T15:11:51+00:00\",\"breadcrumb\":{\"@id\":\"https:\\\/\\\/www.cardinal-creation.com\\\/at-packaging\\\/realisation\\\/mascara-idole-lash-lacome\\\/#breadcrumb\"},\"inLanguage\":\"fr-FR\",\"potentialAction\":[{\"@type\":\"ReadAction\",\"target\":[\"https:\\\/\\\/www.cardinal-creation.com\\\/at-packaging\\\/realisation\\\/mascara-idole-lash-lacome\\\/\"]}]},{\"@type\":\"ImageObject\",\"inLanguage\":\"fr-FR\",\"@id\":\"https:\\\/\\\/www.cardinal-creation.com\\\/at-packaging\\\/realisation\\\/mascara-idole-lash-lacome\\\/#primaryimage\",\"url\":\"https:\\\/\\\/www.cardinal-creation.com\\\/at-packaging\\\/wp-content\\\/uploads\\\/2026\\\/04\\\/width_800-2.webp\",\"contentUrl\":\"https:\\\/\\\/www.cardinal-creation.com\\\/at-packaging\\\/wp-content\\\/uploads\\\/2026\\\/04\\\/width_800-2.webp\",\"width\":800,\"height\":800},{\"@type\":\"BreadcrumbList\",\"@id\":\"https:\\\/\\\/www.cardinal-creation.com\\\/at-packaging\\\/realisation\\\/mascara-idole-lash-lacome\\\/#breadcrumb\",\"itemListElement\":[{\"@type\":\"ListItem\",\"position\":1,\"name\":\"Accueil\",\"item\":\"https:\\\/\\\/www.cardinal-creation.com\\\/at-packaging\\\/\"},{\"@type\":\"ListItem\",\"position\":2,\"name\":\"SERIPLAST\",\"item\":\"https:\\\/\\\/www.cardinal-creation.com\\\/at-packaging\\\/conception\\\/seriplast\\\/\"},{\"@type\":\"ListItem\",\"position\":3,\"name\":\"Mascara ID\u00d4LE LASH &#8211; LAC\u00d4ME\"}]},{\"@type\":\"WebSite\",\"@id\":\"https:\\\/\\\/www.cardinal-creation.com\\\/at-packaging\\\/#website\",\"url\":\"https:\\\/\\\/www.cardinal-creation.com\\\/at-packaging\\\/\",\"name\":\"AT Packaging\",\"description\":\"Fabricant et d\u00e9corateur d&#039;emballages thermoplastiques\",\"publisher\":{\"@id\":\"https:\\\/\\\/www.cardinal-creation.com\\\/at-packaging\\\/#organization\"},\"potentialAction\":[{\"@type\":\"SearchAction\",\"target\":{\"@type\":\"EntryPoint\",\"urlTemplate\":\"https:\\\/\\\/www.cardinal-creation.com\\\/at-packaging\\\/?s={search_term_string}\"},\"query-input\":{\"@type\":\"PropertyValueSpecification\",\"valueRequired\":true,\"valueName\":\"search_term_string\"}}],\"inLanguage\":\"fr-FR\"},{\"@type\":\"Organization\",\"@id\":\"https:\\\/\\\/www.cardinal-creation.com\\\/at-packaging\\\/#organization\",\"name\":\"AT Packaging\",\"url\":\"https:\\\/\\\/www.cardinal-creation.com\\\/at-packaging\\\/\",\"logo\":{\"@type\":\"ImageObject\",\"inLanguage\":\"fr-FR\",\"@id\":\"https:\\\/\\\/www.cardinal-creation.com\\\/at-packaging\\\/#\\\/schema\\\/logo\\\/image\\\/\",\"url\":\"https:\\\/\\\/www.cardinal-creation.com\\\/at-packaging\\\/wp-content\\\/uploads\\\/2023\\\/01\\\/AT-Packaging-logo.svg\",\"contentUrl\":\"https:\\\/\\\/www.cardinal-creation.com\\\/at-packaging\\\/wp-content\\\/uploads\\\/2023\\\/01\\\/AT-Packaging-logo.svg\",\"width\":198,\"height\":42,\"caption\":\"AT Packaging\"},\"image\":{\"@id\":\"https:\\\/\\\/www.cardinal-creation.com\\\/at-packaging\\\/#\\\/schema\\\/logo\\\/image\\\/\"}}]}<\/script>\n<!-- \/ Yoast SEO plugin. -->","yoast_head_json":{"title":"Mascara ID\u00d4LE LASH - LAC\u00d4ME - AT Packaging","robots":{"index":"noindex","follow":"follow","max-snippet":"max-snippet:-1","max-image-preview":"max-image-preview:large","max-video-preview":"max-video-preview:-1"},"og_locale":"fr_FR","og_type":"article","og_title":"Mascara ID\u00d4LE LASH - LAC\u00d4ME - AT Packaging","og_description":"Dans le cadre de ce projet, une attention particuli\u00e8re a \u00e9t\u00e9 port\u00e9e \u00e0 la d\u00e9coration du packaging afin de refl\u00e9ter pleinement son positionnement de luxe accessible. Nous avons ainsi travaill\u00e9 sur le d\u00e9veloppement d\u2019une teinte sp\u00e9cifique, pens\u00e9e pour s\u2019int\u00e9grer harmonieusement \u00e0 l\u2019identit\u00e9 de la marque, puis mis en \u0153uvre une impression en s\u00e9rigraphie. Cette technique [&hellip;]","og_url":"https:\/\/www.cardinal-creation.com\/at-packaging\/realisation\/mascara-idole-lash-lacome\/","og_site_name":"AT Packaging","article_modified_time":"2026-04-07T15:11:51+00:00","og_image":[{"width":800,"height":800,"url":"https:\/\/www.cardinal-creation.com\/at-packaging\/wp-content\/uploads\/2026\/04\/width_800-2.webp","type":"image\/webp"}],"twitter_card":"summary_large_image","schema":{"@context":"https:\/\/schema.org","@graph":[{"@type":"WebPage","@id":"https:\/\/www.cardinal-creation.com\/at-packaging\/realisation\/mascara-idole-lash-lacome\/","url":"https:\/\/www.cardinal-creation.com\/at-packaging\/realisation\/mascara-idole-lash-lacome\/","name":"Mascara ID\u00d4LE LASH - LAC\u00d4ME - AT Packaging","isPartOf":{"@id":"https:\/\/www.cardinal-creation.com\/at-packaging\/#website"},"primaryImageOfPage":{"@id":"https:\/\/www.cardinal-creation.com\/at-packaging\/realisation\/mascara-idole-lash-lacome\/#primaryimage"},"image":{"@id":"https:\/\/www.cardinal-creation.com\/at-packaging\/realisation\/mascara-idole-lash-lacome\/#primaryimage"},"thumbnailUrl":"https:\/\/www.cardinal-creation.com\/at-packaging\/wp-content\/uploads\/2026\/04\/width_800-2.webp","datePublished":"2026-04-07T11:40:57+00:00","dateModified":"2026-04-07T15:11:51+00:00","breadcrumb":{"@id":"https:\/\/www.cardinal-creation.com\/at-packaging\/realisation\/mascara-idole-lash-lacome\/#breadcrumb"},"inLanguage":"fr-FR","potentialAction":[{"@type":"ReadAction","target":["https:\/\/www.cardinal-creation.com\/at-packaging\/realisation\/mascara-idole-lash-lacome\/"]}]},{"@type":"ImageObject","inLanguage":"fr-FR","@id":"https:\/\/www.cardinal-creation.com\/at-packaging\/realisation\/mascara-idole-lash-lacome\/#primaryimage","url":"https:\/\/www.cardinal-creation.com\/at-packaging\/wp-content\/uploads\/2026\/04\/width_800-2.webp","contentUrl":"https:\/\/www.cardinal-creation.com\/at-packaging\/wp-content\/uploads\/2026\/04\/width_800-2.webp","width":800,"height":800},{"@type":"BreadcrumbList","@id":"https:\/\/www.cardinal-creation.com\/at-packaging\/realisation\/mascara-idole-lash-lacome\/#breadcrumb","itemListElement":[{"@type":"ListItem","position":1,"name":"Accueil","item":"https:\/\/www.cardinal-creation.com\/at-packaging\/"},{"@type":"ListItem","position":2,"name":"SERIPLAST","item":"https:\/\/www.cardinal-creation.com\/at-packaging\/conception\/seriplast\/"},{"@type":"ListItem","position":3,"name":"Mascara ID\u00d4LE LASH &#8211; LAC\u00d4ME"}]},{"@type":"WebSite","@id":"https:\/\/www.cardinal-creation.com\/at-packaging\/#website","url":"https:\/\/www.cardinal-creation.com\/at-packaging\/","name":"AT Packaging","description":"Fabricant et d\u00e9corateur d&#039;emballages thermoplastiques","publisher":{"@id":"https:\/\/www.cardinal-creation.com\/at-packaging\/#organization"},"potentialAction":[{"@type":"SearchAction","target":{"@type":"EntryPoint","urlTemplate":"https:\/\/www.cardinal-creation.com\/at-packaging\/?s={search_term_string}"},"query-input":{"@type":"PropertyValueSpecification","valueRequired":true,"valueName":"search_term_string"}}],"inLanguage":"fr-FR"},{"@type":"Organization","@id":"https:\/\/www.cardinal-creation.com\/at-packaging\/#organization","name":"AT Packaging","url":"https:\/\/www.cardinal-creation.com\/at-packaging\/","logo":{"@type":"ImageObject","inLanguage":"fr-FR","@id":"https:\/\/www.cardinal-creation.com\/at-packaging\/#\/schema\/logo\/image\/","url":"https:\/\/www.cardinal-creation.com\/at-packaging\/wp-content\/uploads\/2023\/01\/AT-Packaging-logo.svg","contentUrl":"https:\/\/www.cardinal-creation.com\/at-packaging\/wp-content\/uploads\/2023\/01\/AT-Packaging-logo.svg","width":198,"height":42,"caption":"AT Packaging"},"image":{"@id":"https:\/\/www.cardinal-creation.com\/at-packaging\/#\/schema\/logo\/image\/"}}]}},"_links":{"self":[{"href":"https:\/\/www.cardinal-creation.com\/at-packaging\/wp-json\/wp\/v2\/realisation\/2823","targetHints":{"allow":["GET"]}}],"collection":[{"href":"https:\/\/www.cardinal-creation.com\/at-packaging\/wp-json\/wp\/v2\/realisation"}],"about":[{"href":"https:\/\/www.cardinal-creation.com\/at-packaging\/wp-json\/wp\/v2\/types\/realisation"}],"wp:featuredmedia":[{"embeddable":true,"href":"https:\/\/www.cardinal-creation.com\/at-packaging\/wp-json\/wp\/v2\/media\/2819"}],"wp:attachment":[{"href":"https:\/\/www.cardinal-creation.com\/at-packaging\/wp-json\/wp\/v2\/media?parent=2823"}],"wp:term":[{"taxonomy":"conception","embeddable":true,"href":"https:\/\/www.cardinal-creation.com\/at-packaging\/wp-json\/wp\/v2\/conception?post=2823"}],"curies":[{"name":"wp","href":"https:\/\/api.w.org\/{rel}","templated":true}]}}